{"id":1286,"date":"2023-12-11T20:41:02","date_gmt":"2023-12-11T19:41:02","guid":{"rendered":"https:\/\/apartkreidl.at\/?page_id=1286"},"modified":"2026-01-06T13:48:08","modified_gmt":"2026-01-06T12:48:08","slug":"ahorn","status":"publish","type":"page","link":"https:\/\/apartkreidl.at\/de\/ahorn\/","title":{"rendered":"Apartment Ahorn"},"content":{"rendered":"\n<h1>\n\t\t\tApartment Ahorn &#8211; Apartment mit 50 m\u00b2 im Zillertal\t<\/h1>\n\t<p>Das <strong data-start=\"1189\" data-end=\"1208\">Apartment Ahorn<\/strong> befindet sich im <strong data-start=\"1226\" data-end=\"1245\">1. Obergeschoss<\/strong> unseres Hauses im Zillertal und bietet auf <strong data-start=\"1289\" data-end=\"1298\">50 m\u00b2<\/strong> komfortabel <strong data-start=\"1311\" data-end=\"1342\">Platz f\u00fcr bis zu 3 Personen<\/strong>. Die Ferienwohnung ist modern eingerichtet und eignet sich ideal f\u00fcr Paare oder kleine Familien.<\/p>\n\t\t\t<img decoding=\"async\" loading=\"false\" src=\"https:\/\/apartkreidl.at\/wp-content\/uploads\/2023\/12\/Fewo-klein-scaled.jpg\" alt=\"\" \/>\t\t\t\n\t\t\t<img decoding=\"async\" loading=\"false\" src=\"https:\/\/apartkreidl.at\/wp-content\/uploads\/2019\/11\/IMG_2224.jpg\" alt=\"\" \/>\t\t\t\n\t\t\t<img decoding=\"async\" loading=\"false\" src=\"https:\/\/apartkreidl.at\/wp-content\/uploads\/2019\/11\/IMG_2230.jpg\" alt=\"K\u00fcche Apartment 50m\u00b2\" \/>\t\t\t\n\t\t\t<img decoding=\"async\" loading=\"false\" src=\"https:\/\/apartkreidl.at\/wp-content\/uploads\/2019\/11\/IMG_2245.jpg\" alt=\"Doppelzimmer Apartment 50m\u00b2\" \/>\t\t\t\n\t\t\t<img decoding=\"async\" loading=\"false\" src=\"https:\/\/apartkreidl.at\/wp-content\/uploads\/2019\/11\/IMG_2260.jpg\" alt=\"Einbettzimmer Apartment 50m\u00b2\" \/>\t\t\t\n\t\t\t<img decoding=\"async\" loading=\"false\" src=\"https:\/\/apartkreidl.at\/wp-content\/uploads\/2019\/11\/IMG_2232.jpg\" alt=\"Bad Apartment 50m\u00b2\" \/>\t\t\t\n\t\t\t<img decoding=\"async\" loading=\"false\" src=\"https:\/\/apartkreidl.at\/wp-content\/uploads\/2019\/11\/IMG_2289.jpg\" alt=\"Gang Apartment 50m\u00b2\" \/>\t\t\t\n\t\t\t\t<a href=\"#\" aria-label=\"previous\" role=\"button\">\n<\/a>\n\t\t\t\t<a href=\"#\" aria-label=\"next\" role=\"button\">\n<\/a>\n<h2>\n\t\t\tAllgemeine Ausstattung\t<\/h2>\n\tIm gesamten Haus steht kostenloses WLAN zur Verf\u00fcgung. Haustiere sind erlaubt und kostenfrei. Der Parkplatz befindet sich direkt vor dem Haus, zus\u00e4tzlich steht eine E-Ladestation zum jeweils g\u00fcltigen Stromtarif zur Verf\u00fcgung.\nDas Geb\u00e4ude ist mit einer <strong data-start=\"354\" data-end=\"383\">Bodenk\u00fchlung ausgestattet<\/strong>, die in den Sommermonaten f\u00fcr eine angenehme K\u00fchlung der Apartments sorgt.\nIm Untergeschoss befinden sich ein Skischuhtrockner sowie ein Abstellraum f\u00fcr Ski und Sportausr\u00fcstung.\n<h2>\n\t\t\tK\u00fcche\t<\/h2>\n\t<ul>\n<li data-start=\"1836\" data-end=\"1848\">\nGeschirr\n<\/li>\n<li data-start=\"1849\" data-end=\"1873\">\nGeschirrsp\u00fclmaschine\n<\/li>\n<li data-start=\"1874\" data-end=\"1895\">\nHerd und Backofen\n<\/li>\n<li data-start=\"1896\" data-end=\"1910\">\nMikrowelle\n<\/li>\n<li data-start=\"1911\" data-end=\"1939\">\nNespresso-Kaffeemaschine\n<\/li>\n<li data-start=\"1940\" data-end=\"1964\">\nFilterkaffeemaschine\n<\/li>\n<li data-start=\"1965\" data-end=\"1981\">\nWasserkocher\n<\/li>\n<li data-start=\"1982\" data-end=\"2013\">\nK\u00fchlschrank mit Gefrierfach\n<\/li>\n<li data-start=\"2014\" data-end=\"2044\">\nSp\u00fclmittel, Geschirrt\u00fccher\n<\/li>\n<li data-start=\"2045\" data-end=\"2060\">\nStaubsauger\n<\/li>\n<\/ul>\n<h2>\n\t\t\tEinbettzimmer\t<\/h2>\n\t<ul>\n<li data-start=\"2320\" data-end=\"2350\">\nEinzelbett <strong data-start=\"2333\" data-end=\"2348\">90 \u00d7 200 cm<\/strong>\n<\/li>\n<li data-start=\"2351\" data-end=\"2365\">\nBettw\u00e4sche\n<\/li>\n<li data-start=\"2366\" data-end=\"2387\">\n<strong data-start=\"2368\" data-end=\"2385\">32&#8243; Fernseher<\/strong>\n<\/li>\n<\/ul>\n<h2>\n\t\t\tDoppelzimmer\t<\/h2>\n\t<ul>\n<li data-start=\"2190\" data-end=\"2221\">\nDoppelbett <strong data-start=\"2203\" data-end=\"2219\">180 \u00d7 200 cm<\/strong>\n<\/li>\n<li data-start=\"2222\" data-end=\"2236\">\nBettw\u00e4sche\n<\/li>\n<li data-start=\"2237\" data-end=\"2258\">\n<strong data-start=\"2239\" data-end=\"2256\">40&#8243; Fernseher<\/strong>\n<\/li>\n<li data-start=\"2259\" data-end=\"2283\">\nBabybett auf Anfrage\n<\/li>\n<li data-start=\"2284\" data-end=\"2294\">\nBalkon\n<\/li>\n<\/ul>\n<h2>\n\t\t\tBadezimmer &#038; WC\t<\/h2>\n\t<ul>\n<li data-start=\"2088\" data-end=\"2098\">\nDusche\n<\/li>\n<li data-start=\"2099\" data-end=\"2116\">\nWaschmaschine\n<\/li>\n<li data-start=\"2117\" data-end=\"2133\">\nHaartrockner\n<\/li>\n<li data-start=\"2134\" data-end=\"2148\">\nHandt\u00fccher\n<\/li>\n<li data-start=\"2149\" data-end=\"2165\">\nseparates WC\n<\/li>\n<\/ul>\n\n","protected":false},"excerpt":{"rendered":"<p>Apartment Ahorn &#8211; Apartment mit 50 m\u00b2 im Zillertal Das Apartment Ahorn befindet sich im 1. Obergeschoss unseres Hauses im Zillertal und bietet auf 50 m\u00b2 komfortabel Platz f\u00fcr bis zu 3 Personen. Die Ferienwohnung ist modern eingerichtet und eignet sich ideal f\u00fcr Paare oder kleine Familien. Allgemeine Ausstattung Im gesamten Haus steht kostenloses WLAN&hellip;<\/p>\n","protected":false},"author":2,"featured_media":0,"parent":0,"menu_order":0,"comment_status":"closed","ping_status":"closed","template":"","meta":{"footnotes":""},"class_list":["post-1286","page","type-page","status-publish","hentry"],"_links":{"self":[{"href":"https:\/\/apartkreidl.at\/de\/wp-json\/wp\/v2\/pages\/1286","targetHints":{"allow":["GET"]}}],"collection":[{"href":"https:\/\/apartkreidl.at\/de\/wp-json\/wp\/v2\/pages"}],"about":[{"href":"https:\/\/apartkreidl.at\/de\/wp-json\/wp\/v2\/types\/page"}],"author":[{"embeddable":true,"href":"https:\/\/apartkreidl.at\/de\/wp-json\/wp\/v2\/users\/2"}],"replies":[{"embeddable":true,"href":"https:\/\/apartkreidl.at\/de\/wp-json\/wp\/v2\/comments?post=1286"}],"version-history":[{"count":11,"href":"https:\/\/apartkreidl.at\/de\/wp-json\/wp\/v2\/pages\/1286\/revisions"}],"predecessor-version":[{"id":1682,"href":"https:\/\/apartkreidl.at\/de\/wp-json\/wp\/v2\/pages\/1286\/revisions\/1682"}],"wp:attachment":[{"href":"https:\/\/apartkreidl.at\/de\/wp-json\/wp\/v2\/media?parent=1286"}],"curies":[{"name":"wp","href":"https:\/\/api.w.org\/{rel}","templated":true}]}}