{"id":1414,"date":"2024-02-25T08:25:37","date_gmt":"2024-02-25T07:25:37","guid":{"rendered":"https:\/\/apartkreidl.at\/?page_id=1414"},"modified":"2026-01-06T13:48:41","modified_gmt":"2026-01-06T12:48:41","slug":"horberg","status":"publish","type":"page","link":"https:\/\/apartkreidl.at\/de\/horberg\/","title":{"rendered":"Apartment Horberg"},"content":{"rendered":"\n<h1>\n\t\t\tApartment Horberg &#8211; Apartment f\u00fcr bis zu 5 Personen im Zillertal\t<\/h1>\n\t<p>Das <strong data-start=\"258\" data-end=\"279\">Apartment Horberg<\/strong> befindet sich im Haus Apart Kreidl im Zillertal und bietet <strong data-start=\"339\" data-end=\"370\">Platz f\u00fcr bis zu 5 Personen<\/strong>. Die Ferienwohnung ist modern eingerichtet und eignet sich besonders f\u00fcr <strong data-start=\"444\" data-end=\"478\">Familien oder kleinere Gruppen<\/strong>, die Wert auf eine ruhige Lage nahe Mayrhofen und der Horbergbahn legen.<\/p>\n\t\t\t<img decoding=\"async\" loading=\"false\" src=\"https:\/\/apartkreidl.at\/wp-content\/uploads\/2019\/02\/Fewo-gro\u00df-1.jpg\" alt=\"\" \/>\t\t\t\n\t\t\t<img decoding=\"async\" loading=\"false\" src=\"https:\/\/apartkreidl.at\/wp-content\/uploads\/2019\/11\/IMG_2133.jpg\" alt=\"K\u00fcche Apartment 70m\u00b2\" \/>\t\t\t\n\t\t\t<img decoding=\"async\" loading=\"false\" src=\"https:\/\/apartkreidl.at\/wp-content\/uploads\/2019\/11\/IMG_2164.jpg\" alt=\"K\u00fcche Apartment 70m\u00b2\" \/>\t\t\t\n\t\t\t<img decoding=\"async\" loading=\"false\" src=\"https:\/\/apartkreidl.at\/wp-content\/uploads\/2019\/11\/IMG_2307.jpg\" alt=\"Dreibettzimmer Apartment 70m\u00b2\" \/>\t\t\t\n\t\t\t<img decoding=\"async\" loading=\"false\" src=\"https:\/\/apartkreidl.at\/wp-content\/uploads\/2019\/11\/IMG_2130.jpg\" alt=\"Doppelzimmer Apartment 70m\u00b2\" \/>\t\t\t\n\t\t\t<img decoding=\"async\" loading=\"false\" src=\"https:\/\/apartkreidl.at\/wp-content\/uploads\/2023\/12\/IMG_2201-scaled.jpg\" alt=\"\" \/>\t\t\t\n\t\t\t<img decoding=\"async\" loading=\"false\" src=\"https:\/\/apartkreidl.at\/wp-content\/uploads\/2019\/11\/IMG_2270.jpg\" alt=\"Gang Apartment 70m\u00b2\" \/>\t\t\t\n\t\t\t\t<a href=\"#\" aria-label=\"previous\" role=\"button\">\n<\/a>\n\t\t\t\t<a href=\"#\" aria-label=\"next\" role=\"button\">\n<\/a>\n<h2>\n\t\t\tAllgemeine Ausstattung\t<\/h2>\n\tIm gesamten Haus steht kostenloses WLAN zur Verf\u00fcgung. Haustiere sind erlaubt und kostenfrei. Der Parkplatz befindet sich direkt vor dem Haus, zus\u00e4tzlich steht eine E-Ladestation zum jeweils g\u00fcltigen Stromtarif zur Verf\u00fcgung.\nDas Geb\u00e4ude ist mit einer <strong data-start=\"354\" data-end=\"383\">Bodenk\u00fchlung ausgestattet<\/strong>, die in den Sommermonaten f\u00fcr eine angenehme K\u00fchlung der Apartments sorgt.\nIm Untergeschoss befinden sich ein Skischuhtrockner sowie ein Abstellraum f\u00fcr Ski und Sportausr\u00fcstung.\n<h2>\n\t\t\tK\u00fcche\t<\/h2>\n\t<ul>\n<li data-start=\"948\" data-end=\"960\">\nGeschirr\n<\/li>\n<li data-start=\"961\" data-end=\"985\">\nGeschirrsp\u00fclmaschine\n<\/li>\n<li data-start=\"986\" data-end=\"1007\">\nHerd und Backofen\n<\/li>\n<li data-start=\"1008\" data-end=\"1022\">\nMikrowelle\n<\/li>\n<li data-start=\"1023\" data-end=\"1051\">\nNespresso-Kaffeemaschine\n<\/li>\n<li data-start=\"1052\" data-end=\"1076\">\nFilterkaffeemaschine\n<\/li>\n<li data-start=\"1077\" data-end=\"1093\">\nWasserkocher\n<\/li>\n<li data-start=\"1094\" data-end=\"1125\">\nK\u00fchlschrank mit Gefrierfach\n<\/li>\n<li data-start=\"1126\" data-end=\"1147\">\n<strong data-start=\"1128\" data-end=\"1145\">50&#8243; Fernseher<\/strong>\n<\/li>\n<li data-start=\"1148\" data-end=\"1178\">\nSp\u00fclmittel, Geschirrt\u00fccher\n<\/li>\n<li data-start=\"1179\" data-end=\"1194\">\nStaubsauger\n<\/li>\n<li data-start=\"1195\" data-end=\"1205\">\nBalkon\n<\/li>\n<\/ul>\n<h2>\n\t\t\tDoppelzimmer\t<\/h2>\n\t<ul>\n<li data-start=\"1497\" data-end=\"1528\">\nDoppelbett <strong data-start=\"1510\" data-end=\"1526\">180 \u00d7 200 cm<\/strong>\n<\/li>\n<li data-start=\"1529\" data-end=\"1543\">\nBettw\u00e4sche\n<\/li>\n<li data-start=\"1544\" data-end=\"1565\">\n<strong data-start=\"1546\" data-end=\"1563\">40&#8243; Fernseher<\/strong>\n<\/li>\n<li data-start=\"1566\" data-end=\"1590\">\nBabybett auf Anfrage\n<\/li>\n<li data-start=\"1591\" data-end=\"1601\">\nBalkon\n<\/li>\n<\/ul>\n<h2>\n\t\t\tDreibettzimmer:\t<\/h2>\n\t<ul>\n<li data-start=\"1337\" data-end=\"1368\">\nDoppelbett <strong data-start=\"1350\" data-end=\"1366\">180 \u00d7 200 cm<\/strong>\n<\/li>\n<li data-start=\"1369\" data-end=\"1399\">\nJoka-Liege <strong data-start=\"1382\" data-end=\"1397\">90 \u00d7 200 cm<\/strong>\n<\/li>\n<li data-start=\"1400\" data-end=\"1414\">\nBettw\u00e4sche\n<\/li>\n<li data-start=\"1415\" data-end=\"1436\">\n<strong data-start=\"1417\" data-end=\"1434\">40&#8243; Fernseher<\/strong>\n<\/li>\n<li data-start=\"1437\" data-end=\"1461\">\nBabybett auf Anfrage\n<\/li>\n<li data-start=\"1462\" data-end=\"1472\">\nBalkon\n<\/li>\n<\/ul>\n<h2>\n\t\t\tBadezimmer &#038; WC\t<\/h2>\n\t<ul>\n<li data-start=\"1233\" data-end=\"1243\">\nDusche\n<\/li>\n<li data-start=\"1244\" data-end=\"1261\">\nWaschmaschine\n<\/li>\n<li data-start=\"1262\" data-end=\"1278\">\nHaartrockner\n<\/li>\n<li data-start=\"1279\" data-end=\"1293\">\nHandt\u00fccher\n<\/li>\n<li data-start=\"1294\" data-end=\"1310\">\nseparates WC\n<\/li>\n<\/ul>\n\n","protected":false},"excerpt":{"rendered":"<p>Apartment Horberg &#8211; Apartment f\u00fcr bis zu 5 Personen im Zillertal Das Apartment Horberg befindet sich im Haus Apart Kreidl im Zillertal und bietet Platz f\u00fcr bis zu 5 Personen. Die Ferienwohnung ist modern eingerichtet und eignet sich besonders f\u00fcr Familien oder kleinere Gruppen, die Wert auf eine ruhige Lage nahe Mayrhofen und der Horbergbahn&hellip;<\/p>\n","protected":false},"author":2,"featured_media":0,"parent":0,"menu_order":0,"comment_status":"closed","ping_status":"closed","template":"","meta":{"footnotes":""},"class_list":["post-1414","page","type-page","status-publish","hentry"],"_links":{"self":[{"href":"https:\/\/apartkreidl.at\/de\/wp-json\/wp\/v2\/pages\/1414","targetHints":{"allow":["GET"]}}],"collection":[{"href":"https:\/\/apartkreidl.at\/de\/wp-json\/wp\/v2\/pages"}],"about":[{"href":"https:\/\/apartkreidl.at\/de\/wp-json\/wp\/v2\/types\/page"}],"author":[{"embeddable":true,"href":"https:\/\/apartkreidl.at\/de\/wp-json\/wp\/v2\/users\/2"}],"replies":[{"embeddable":true,"href":"https:\/\/apartkreidl.at\/de\/wp-json\/wp\/v2\/comments?post=1414"}],"version-history":[{"count":7,"href":"https:\/\/apartkreidl.at\/de\/wp-json\/wp\/v2\/pages\/1414\/revisions"}],"predecessor-version":[{"id":1683,"href":"https:\/\/apartkreidl.at\/de\/wp-json\/wp\/v2\/pages\/1414\/revisions\/1683"}],"wp:attachment":[{"href":"https:\/\/apartkreidl.at\/de\/wp-json\/wp\/v2\/media?parent=1414"}],"curies":[{"name":"wp","href":"https:\/\/api.w.org\/{rel}","templated":true}]}}